
{"id":112,"date":"2014-02-06T16:21:37","date_gmt":"2014-02-06T16:21:37","guid":{"rendered":"http:\/\/172.16.1.101\/wordpress\/?page_id=112"},"modified":"2017-01-10T12:07:51","modified_gmt":"2017-01-10T14:07:51","slug":"silvinha-dudu","status":"publish","type":"page","link":"https:\/\/www.cmc.mg.gov.br\/?page_id=112","title":{"rendered":"Silvinha Dudu"},"content":{"rendered":"<h5 style=\"text-align: justify;\"><a href=\"http:\/\/www.cmc.mg.gov.br\/wordpress\/wp-content\/uploads\/2014\/02\/silvinha.jpg\" rel=\"attachment wp-att-1118\"><img loading=\"lazy\" decoding=\"async\" class=\"size-full wp-image-1118 alignleft\" src=\"http:\/\/www.cmc.mg.gov.br\/wordpress\/wp-content\/uploads\/2014\/02\/silvinha.jpg\" alt=\"silvinha\" width=\"241\" height=\"256\" \/><\/a>Hist\u00f3rico<\/h5>\n<p style=\"text-align: justify;\">Silvia da Cruz Messias nasceu em Belo Horizonte, em 13 de agosto de 1964, mas sempre viveu em Contagem. \u00c9 casada com Ronaldo Messias e tem duas filhas.<\/p>\n<p style=\"text-align: justify;\">Formou-se em magist\u00e9rio, mas lecionou por pouco tempo. Filha de Dudu, saudoso ex-vereador de Contagem, Silvinha acompanhou o pai na trajet\u00f3ria pol\u00edtica durante tr\u00eas mandatos, assessorando suas obras sociais. Da\u00ed, ent\u00e3o, nasceu sua paix\u00e3o pela pol\u00edtica.<\/p>\n<p style=\"text-align: justify;\">Foi chefe de gabinete do seu irm\u00e3o, o ex-vereador Luiz Dudu Nen\u00e9m, durante quatro anos. Seguiu sua carreira pol\u00edtica exercendo o cargo de administradora da regional do Nacional e depois assumiu o cargo de Diretora do Curumim Bom Jesus, onde realizou v\u00e1rios projetos, obtendo reconhecimento pelo seu trabalho na regi\u00e3o e aumentando consideravelmente o n\u00famero de crian\u00e7as na institui\u00e7\u00e3o.<\/p>\n<p style=\"text-align: justify;\">O foco de seu trabalho \u00e9 melhorar a qualidade de vidas das pessoas, implantando projetos para a sa\u00fade, educa\u00e7\u00e3o e tamb\u00e9m lutar por obras p\u00fablicas, principalmente em sua base eleitoral: Ressaca e Nacional. Pretende exercer uma pol\u00edtica de responsabilidade, seriedade, compet\u00eancia e interesse pelo bem comum.<\/p>\n<p style=\"text-align: justify;\">Sua ideia \u00e9 receber sugest\u00f5es, opini\u00f5es e cr\u00edticas, mantendo sempre um di\u00e1logo com a popula\u00e7\u00e3o.<\/p>\n<h5 style=\"text-align: justify;\">Mandatos<\/h5>\n<p style=\"text-align: justify;\">Silvinha Dudu foi candidata a vereadora de Contagem em 2008 pelo PSDC, obtendo 1.980 votos, e novamente em 2012, desta vez pelo PCdoB, quando obteve 2.087 votos. Nas elei\u00e7\u00f5es de 2016, foi eleita tamb\u00e9m pelo PCdoB com 3.433 votos.<\/p>\n<hr \/>\n<h5 style=\"text-align: justify;\">Contatos<\/h5>\n<p style=\"text-align: justify; padding-left: 30px;\"><a href=\"http:\/\/www.cmc.mg.gov.br\/wordpress\/wp-content\/uploads\/2014\/02\/Telefone.png\"><img loading=\"lazy\" decoding=\"async\" class=\"alignnone size-full wp-image-2715\" src=\"http:\/\/www.cmc.mg.gov.br\/wordpress\/wp-content\/uploads\/2014\/02\/Telefone.png\" alt=\"Telefone\" width=\"32\" height=\"32\" \/><\/a>\u00a0(31) 3359-8752<\/p>\n<p style=\"text-align: justify; padding-left: 30px;\"><a href=\"http:\/\/www.cmc.mg.gov.br\/wordpress\/wp-content\/uploads\/2014\/02\/Email.png\"><img loading=\"lazy\" decoding=\"async\" class=\"alignnone size-full wp-image-2716\" src=\"http:\/\/www.cmc.mg.gov.br\/wordpress\/wp-content\/uploads\/2014\/02\/Email.png\" alt=\"Email\" width=\"32\" height=\"32\" \/><\/a>\u00a0<a title=\"silviacruz@cmc.mg.gov.br\" href=\"mailto:silviacruz@cmc.mg.gov.br\">silviacruz@cmc.mg.gov.br<\/a><\/p>\n<hr \/>\n<h5 style=\"text-align: justify;\">Redes Sociais<\/h5>\n<p style=\"text-align: justify; padding-left: 30px;\"><a href=\"http:\/\/www.cmc.mg.gov.br\/wordpress\/wp-content\/uploads\/2014\/02\/Facebook.png\"><img loading=\"lazy\" decoding=\"async\" class=\"alignnone size-full wp-image-2709\" src=\"http:\/\/www.cmc.mg.gov.br\/wordpress\/wp-content\/uploads\/2014\/02\/Facebook.png\" alt=\"Facebook\" width=\"32\" height=\"32\" \/><\/a>\u00a0<a title=\"facebook.com\/vereadora.silvinhadudu\" href=\"http:\/\/facebook.com\/vereadora.silvinhadudu\" target=\"_blank\">@vereadora.silvinhadudu<\/a><\/p>\n<hr \/>\n<h5>Fale\u00a0Direto<\/h5>\n<p style=\"padding-left: 30px;\"><a href=\"http:\/\/www.cmc.mg.gov.br\/wordpress\/wp-content\/uploads\/2014\/02\/FaleConosco.png\"><img loading=\"lazy\" decoding=\"async\" class=\"alignnone size-full wp-image-2788\" src=\"http:\/\/www.cmc.mg.gov.br\/wordpress\/wp-content\/uploads\/2014\/02\/FaleConosco.png\" alt=\"Fale Conosco\" width=\"32\" height=\"32\" \/><\/a>\u00a0Voc\u00ea pode se comunicar com a Vereadora\u00a0<strong>Silvinha Dudu<\/strong>\u00a0atrav\u00e9s do formul\u00e1rio abaixo.\u00a0A mensagem enviada ser\u00e1 entregue diretamente em seu gabinete para que a vereadora possa analisar e tomar as a\u00e7\u00f5es necess\u00e1rias.<\/p>\n<p>[contact-form-7 id=&#8221;2825&#8243; title=&#8221;Contato Silvinha Dudu&#8221;]<\/p>\n<hr \/>\n<h4>Partido Pol\u00edtico<\/h4>\n<p>A\u00a0Vereadora\u00a0<strong>Silvinha Dudu<\/strong>\u00a0\u00e9 filiada ao\u00a0<strong>Partido Comunista do Brasil<\/strong>\u00a0(PC do B), entre em contato com o partido atrav\u00e9s dos links abaixo:<\/p>\n<p style=\"padding-left: 30px;\"><a href=\"http:\/\/www.cmc.mg.gov.br\/wordpress\/wp-content\/uploads\/2014\/02\/Web.png\"><img loading=\"lazy\" decoding=\"async\" class=\"alignnone size-full wp-image-2731\" src=\"http:\/\/www.cmc.mg.gov.br\/wordpress\/wp-content\/uploads\/2014\/02\/Web.png\" alt=\"Web\" width=\"32\" height=\"32\" \/><\/a>\u00a0<a title=\"http:\/\/www.pcdob.org.br\" href=\"http:\/\/www.pcdob.org.br\" target=\"_blank\">www.pcdob.org.br<\/a><\/p>\n<p style=\"padding-left: 30px;\"><a href=\"http:\/\/www.cmc.mg.gov.br\/wordpress\/wp-content\/uploads\/2014\/02\/Twitter.png\"><img loading=\"lazy\" decoding=\"async\" class=\"alignnone size-full wp-image-2728\" src=\"http:\/\/www.cmc.mg.gov.br\/wordpress\/wp-content\/uploads\/2014\/02\/Twitter.png\" alt=\"Twitter\" width=\"32\" height=\"32\" \/><\/a>\u00a0<a title=\"https:\/\/twitter.com\/PCdoB_Oficial\" href=\"https:\/\/twitter.com\/PCdoB_Oficial\" target=\"_blank\">@PCdoB_Oficial<\/a><\/p>\n<p style=\"padding-left: 30px;\"><a href=\"http:\/\/www.cmc.mg.gov.br\/wordpress\/wp-content\/uploads\/2014\/02\/Facebook.png\"><img loading=\"lazy\" decoding=\"async\" class=\"alignnone size-full wp-image-2709\" src=\"http:\/\/www.cmc.mg.gov.br\/wordpress\/wp-content\/uploads\/2014\/02\/Facebook.png\" alt=\"Facebook\" width=\"32\" height=\"32\" \/><\/a>\u00a0<a title=\"https:\/\/www.facebook.com\/pcdob65\" href=\"https:\/\/www.facebook.com\/pcdob65\" target=\"_blank\">@pcdob65<\/a><\/p>\n","protected":false},"excerpt":{"rendered":"<p>Hist\u00f3rico Silvia da Cruz Messias nasceu em Belo Horizonte, em 13 de agosto de 1964, mas sempre viveu em Contagem. \u00c9 casada com Ronaldo Messias e tem duas filhas. Formou-se em magist\u00e9rio, mas lecionou por pouco tempo. Filha de Dudu, saudoso ex-vereador de Contagem, Silvinha acompanhou o pai na trajet\u00f3ria pol\u00edtica durante tr\u00eas mandatos, assessorando &hellip; <a href=\"https:\/\/www.cmc.mg.gov.br\/?page_id=112\" class=\"more-link\">Continue lendo <span class=\"screen-reader-text\">Silvinha Dudu<\/span> <span class=\"meta-nav\">&rarr;<\/span><\/a><\/p>\n","protected":false},"author":1,"featured_media":0,"parent":169,"menu_order":0,"comment_status":"closed","ping_status":"closed","template":"","meta":{"_exactmetrics_skip_tracking":false,"_exactmetrics_sitenote_active":false,"_exactmetrics_sitenote_note":"","_exactmetrics_sitenote_category":0,"footnotes":""},"class_list":["post-112","page","type-page","status-publish","hentry"],"_links":{"self":[{"href":"https:\/\/www.cmc.mg.gov.br\/index.php?rest_route=\/wp\/v2\/pages\/112","targetHints":{"allow":["GET"]}}],"collection":[{"href":"https:\/\/www.cmc.mg.gov.br\/index.php?rest_route=\/wp\/v2\/pages"}],"about":[{"href":"https:\/\/www.cmc.mg.gov.br\/index.php?rest_route=\/wp\/v2\/types\/page"}],"author":[{"embeddable":true,"href":"https:\/\/www.cmc.mg.gov.br\/index.php?rest_route=\/wp\/v2\/users\/1"}],"replies":[{"embeddable":true,"href":"https:\/\/www.cmc.mg.gov.br\/index.php?rest_route=%2Fwp%2Fv2%2Fcomments&post=112"}],"version-history":[{"count":7,"href":"https:\/\/www.cmc.mg.gov.br\/index.php?rest_route=\/wp\/v2\/pages\/112\/revisions"}],"predecessor-version":[{"id":6871,"href":"https:\/\/www.cmc.mg.gov.br\/index.php?rest_route=\/wp\/v2\/pages\/112\/revisions\/6871"}],"up":[{"embeddable":true,"href":"https:\/\/www.cmc.mg.gov.br\/index.php?rest_route=\/wp\/v2\/pages\/169"}],"wp:attachment":[{"href":"https:\/\/www.cmc.mg.gov.br\/index.php?rest_route=%2Fwp%2Fv2%2Fmedia&parent=112"}],"curies":[{"name":"wp","href":"https:\/\/api.w.org\/{rel}","templated":true}]}}