
{"id":303,"date":"2014-02-20T14:16:38","date_gmt":"2014-02-20T17:16:38","guid":{"rendered":"http:\/\/novosite.cmc.mg.gov.br\/?page_id=303"},"modified":"2016-04-26T14:17:09","modified_gmt":"2016-04-26T17:17:09","slug":"externas","status":"publish","type":"page","link":"https:\/\/www.cmc.mg.gov.br\/?page_id=303","title":{"rendered":"Externas"},"content":{"rendered":"<h3>Comiss\u00f5es Externas<\/h3>\n<p>Art. 99C &#8211; \u00c0s Comiss\u00f5es Externas competem a fiscaliza\u00e7\u00e3o, a vigil\u00e2ncia e o controle sobre atividades definidas da administra\u00e7\u00e3o municipal, mais especificamente as pol\u00edticas e sistemas desenvolvidos nas \u00e1reas de sa\u00fade, educa\u00e7\u00e3o, cultura, assist\u00eancia social, da crian\u00e7a e do adolescente, idoso, transporte, infraestrutura urbana, acessibilidade, consumidor, direitos humanos, combate \u00e0 viol\u00eancia dom\u00e9stica contra a mulher, seguran\u00e7a p\u00fablica, assuntos comunit\u00e1rios e participa\u00e7\u00e3o popular.<\/p>\n<p><strong>Art. 99 B \u2013 Na constitui\u00e7\u00e3o de cada Comiss\u00e3o Externa, os membros efetivos e suplentes ser\u00e3o indicados por consenso pelas lideran\u00e7as instaladas na C\u00e2mara e nomeados pela Presid\u00eancia.<\/strong><\/p>\n<p>&nbsp;<\/p>\n<hr \/>\n<h3><strong>Comiss\u00e3o Externa de Sa\u00fade<\/strong><\/h3>\n<h4>Representantes 2015-2016<\/h4>\n<h5>Titulares<\/h5>\n<ul>\n<li>Presidente:\u00a0<a href=\"http:\/\/www.cmc.mg.gov.br\/?page_id=100\">Rodinei Ferreira<\/a><\/li>\n<li>Vice-Presidente: <a href=\"http:\/\/www.cmc.mg.gov.br\/?page_id=923\">Jair Tropical<\/a><\/li>\n<li>Relator: <a href=\"http:\/\/www.cmc.mg.gov.br\/?page_id=94\">Eduardo Sendon<\/a><\/li>\n<\/ul>\n<h5>Suplentes<\/h5>\n<ul>\n<li>Presidente: <a href=\"http:\/\/www.cmc.mg.gov.br\/?page_id=128\">Rog\u00e9rio Marreco<\/a><\/li>\n<li>Vice-Presidente: <a href=\"http:\/\/www.cmc.mg.gov.br\/?page_id=103\">Z\u00e9 de Souza<\/a><\/li>\n<li>Relator: <a title=\"http:\/\/www.cmc.mg.gov.br\/?page_id=39\" href=\"http:\/\/www.cmc.mg.gov.br\/?page_id=39\">Isabella Filaretti<\/a><\/li>\n<\/ul>\n<h4>Representantes 2013-2014<\/h4>\n<h5>Titulares<\/h5>\n<ul>\n<li>Presidente: <a title=\"http:\/\/www.cmc.mg.gov.br\/?page_id=106\" href=\"http:\/\/www.cmc.mg.gov.br\/?page_id=106\">Z\u00e9 Ant\u00f4nio do Hosp. Santa Helena<\/a><\/li>\n<li>Vice-Presidente:\u00a0<a title=\"http:\/\/www.cmc.mg.gov.br\/?page_id=122\" href=\"http:\/\/www.cmc.mg.gov.br\/?page_id=122\">Ricardo Faria<\/a><\/li>\n<li>Relator: <a title=\"http:\/\/www.cmc.mg.gov.br\/?page_id=134\" href=\"http:\/\/www.cmc.mg.gov.br\/?page_id=134\">Alex Chiodi<\/a><\/li>\n<\/ul>\n<h5>Suplentes<\/h5>\n<ul>\n<li>Presidente: <a title=\"http:\/\/www.cmc.mg.gov.br\/?page_id=100\" href=\"http:\/\/www.cmc.mg.gov.br\/?page_id=100\">Rodinei<\/a><\/li>\n<li>Vice-Presidente: <a title=\"http:\/\/www.cmc.mg.gov.br\/?page_id=923\" href=\"http:\/\/www.cmc.mg.gov.br\/?page_id=923\">Jair Tropical<\/a><\/li>\n<li>Relator: <a title=\"http:\/\/www.cmc.mg.gov.br\/?page_id=39\" href=\"http:\/\/www.cmc.mg.gov.br\/?page_id=39\">Isabella Filaretti<\/a><\/li>\n<\/ul>\n<hr \/>\n<h3><strong>Comiss\u00e3o Externa de Educa\u00e7\u00e3o<\/strong><\/h3>\n<h4>Representantes 2015-2016<\/h4>\n<h5>Titulares<\/h5>\n<ul>\n<li>Presidente:\u00a0<a href=\"http:\/\/www.cmc.mg.gov.br\/?page_id=923\">Jair Tropical<\/a><\/li>\n<li>Vice-Presidente: <a href=\"http:\/\/www.cmc.mg.gov.br\/?page_id=143\">Decinho Camargos<\/a><\/li>\n<li>Relator: <a href=\"http:\/\/www.cmc.mg.gov.br\/?page_id=39\">Isabella Filaretti<\/a><\/li>\n<\/ul>\n<h5>Suplentes<\/h5>\n<ul>\n<li>Presidente:\u00a0<a href=\"http:\/\/www.cmc.mg.gov.br\/?page_id=3003\">Daniel Carvalho<\/a><\/li>\n<li>Vice-Presidente: <a title=\"http:\/\/www.cmc.mg.gov.br\/?page_id=94\" href=\"http:\/\/www.cmc.mg.gov.br\/?page_id=94\">Eduardo Sendon<\/a><\/li>\n<li>Relator:\u00a0<a title=\"http:\/\/www.cmc.mg.gov.br\/?page_id=106\" href=\"http:\/\/www.cmc.mg.gov.br\/?page_id=106\">Z\u00e9 Ant\u00f4nio do Hosp. Santa Helena<\/a><\/li>\n<\/ul>\n<h4>Representantes 2013-2014<\/h4>\n<h5>Titulares<\/h5>\n<ul>\n<li>Presidente:\u00a0<a title=\"http:\/\/www.cmc.mg.gov.br\/?page_id=134\" href=\"http:\/\/www.cmc.mg.gov.br\/?page_id=134\">Alex Chiodi<\/a><\/li>\n<li>Vice-Presidente:\u00a0<a title=\"http:\/\/www.cmc.mg.gov.br\/?page_id=923\" href=\"http:\/\/www.cmc.mg.gov.br\/?page_id=923\">Jair Tropical<\/a><\/li>\n<li>Relator: <a title=\"http:\/\/www.cmc.mg.gov.br\/?page_id=143\" href=\"http:\/\/www.cmc.mg.gov.br\/?page_id=143\">Decinho Camargos<\/a><\/li>\n<\/ul>\n<h5>Suplentes<\/h5>\n<ul>\n<li>Presidente:\u00a0<a title=\"http:\/\/www.cmc.mg.gov.br\/?page_id=39\" href=\"http:\/\/www.cmc.mg.gov.br\/?page_id=39\">Isabella Filaretti<\/a><\/li>\n<li>Vice-Presidente: <a title=\"http:\/\/www.cmc.mg.gov.br\/?page_id=94\" href=\"http:\/\/www.cmc.mg.gov.br\/?page_id=94\">Eduardo Sendon<\/a><\/li>\n<li>Relator:\u00a0<a title=\"http:\/\/www.cmc.mg.gov.br\/?page_id=106\" href=\"http:\/\/www.cmc.mg.gov.br\/?page_id=106\">Z\u00e9 Ant\u00f4nio do Hosp. Santa Helena<\/a><\/li>\n<\/ul>\n<hr \/>\n<h3><strong>Comiss\u00e3o Externa da Crian\u00e7a e do Adolescente<\/strong><\/h3>\n<h4>Representantes 2015-2016<\/h4>\n<h5>Titulares<\/h5>\n<ul>\n<li>Presidente:\u00a0<a title=\"http:\/\/www.cmc.mg.gov.br\/?page_id=39\" href=\"http:\/\/www.cmc.mg.gov.br\/?page_id=39\">Isabella Filaretti<\/a><\/li>\n<li>Vice-Presidente:\u00a0<a href=\"http:\/\/www.cmc.mg.gov.br\/?page_id=140\">Fredim Carneiro<\/a><\/li>\n<li>Relator:\u00a0<a href=\"http:\/\/www.cmc.mg.gov.br\/?page_id=3639\">Ivayr Soalheiro<\/a><\/li>\n<\/ul>\n<h5>Suplentes<\/h5>\n<ul>\n<li>Presidente: <a title=\"http:\/\/www.cmc.mg.gov.br\/?page_id=109\" href=\"http:\/\/www.cmc.mg.gov.br\/?page_id=109\">Obelino Marques<\/a><\/li>\n<li>Vice-Presidente: <a title=\"http:\/\/www.cmc.mg.gov.br\/?page_id=146\" href=\"http:\/\/www.cmc.mg.gov.br\/?page_id=146\">Professor Irineu In\u00e1cio<\/a><\/li>\n<li>Relator:\u00a0<a href=\"http:\/\/www.cmc.mg.gov.br\/?page_id=5345\">Paulo Prado<\/a><\/li>\n<\/ul>\n<h4>Representantes 2013-2014<\/h4>\n<h5>Titulares<\/h5>\n<ul>\n<li>Presidente:\u00a0<a title=\"http:\/\/www.cmc.mg.gov.br\/?page_id=39\" href=\"http:\/\/www.cmc.mg.gov.br\/?page_id=39\">Isabella Filaretti<\/a><\/li>\n<li>Vice-Presidente: <a title=\"http:\/\/www.cmc.mg.gov.br\/?page_id=125\" href=\"http:\/\/www.cmc.mg.gov.br\/?page_id=125\">Capit\u00e3o Fontes<\/a><\/li>\n<li>Relator: <a title=\"http:\/\/www.cmc.mg.gov.br\/?page_id=140\" href=\"http:\/\/www.cmc.mg.gov.br\/?page_id=140\">Fredim Carneiro<\/a><\/li>\n<\/ul>\n<h5>Suplentes<\/h5>\n<ul>\n<li>Presidente: <a title=\"http:\/\/www.cmc.mg.gov.br\/?page_id=109\" href=\"http:\/\/www.cmc.mg.gov.br\/?page_id=109\">Obelino Marques<\/a><\/li>\n<li>Vice-Presidente: <a title=\"http:\/\/www.cmc.mg.gov.br\/?page_id=146\" href=\"http:\/\/www.cmc.mg.gov.br\/?page_id=146\">Professor Irineu In\u00e1cio<\/a><\/li>\n<li>Relator: <a title=\"http:\/\/www.cmc.mg.gov.br\/?page_id=112\" href=\"http:\/\/www.cmc.mg.gov.br\/?page_id=112\">Silvinha Dudu<\/a><\/li>\n<\/ul>\n<hr \/>\n<h3><strong>Comiss\u00e3o Externa de Transporte e Infraestrutura<\/strong><\/h3>\n<h4>Representantes 2015-2016<\/h4>\n<h5>Titulares<\/h5>\n<ul>\n<li>Presidente: <a title=\"http:\/\/www.cmc.mg.gov.br\/?page_id=128\" href=\"http:\/\/www.cmc.mg.gov.br\/?page_id=128\">Rog\u00e9rio Marreco<\/a><\/li>\n<li>Vice-Presidente:\u00a0<a title=\"http:\/\/www.cmc.mg.gov.br\/?page_id=109\" href=\"http:\/\/www.cmc.mg.gov.br\/?page_id=109\">Obelino Marques<\/a><\/li>\n<li>Relator:\u00a0<a title=\"http:\/\/www.cmc.mg.gov.br\/?page_id=94\" href=\"http:\/\/www.cmc.mg.gov.br\/?page_id=94\">Eduardo Sendon<\/a><\/li>\n<\/ul>\n<h5>Suplentes<\/h5>\n<ul>\n<li>Presidente:\u00a0<a title=\"http:\/\/www.cmc.mg.gov.br\/?page_id=146\" href=\"http:\/\/www.cmc.mg.gov.br\/?page_id=146\">Professor Irineu In\u00e1cio<\/a><\/li>\n<li>Vice-Presidente:\u00a0<a title=\"http:\/\/www.cmc.mg.gov.br\/?page_id=100\" href=\"http:\/\/www.cmc.mg.gov.br\/?page_id=100\">Rodinei Ferreira<\/a><\/li>\n<li>Relator:\u00a0<a title=\"http:\/\/www.cmc.mg.gov.br\/?page_id=143\" href=\"http:\/\/www.cmc.mg.gov.br\/?page_id=143\">Decinho Camargos<\/a><\/li>\n<\/ul>\n<h4>Representantes 2013-2014<\/h4>\n<h5>Titulares<\/h5>\n<ul>\n<li>Presidente: <a title=\"http:\/\/www.cmc.mg.gov.br\/?page_id=128\" href=\"http:\/\/www.cmc.mg.gov.br\/?page_id=128\">Rog\u00e9rio Marreco<\/a><\/li>\n<li>Vice-Presidente:\u00a0<a title=\"http:\/\/www.cmc.mg.gov.br\/?page_id=109\" href=\"http:\/\/www.cmc.mg.gov.br\/?page_id=109\">Obelino Marques<\/a><\/li>\n<li>Relator:\u00a0<a title=\"http:\/\/www.cmc.mg.gov.br\/?page_id=94\" href=\"http:\/\/www.cmc.mg.gov.br\/?page_id=94\">Eduardo Sendon<\/a><\/li>\n<\/ul>\n<h5>Suplentes<\/h5>\n<ul>\n<li>Presidente:\u00a0<a title=\"http:\/\/www.cmc.mg.gov.br\/?page_id=146\" href=\"http:\/\/www.cmc.mg.gov.br\/?page_id=146\">Professor Irineu In\u00e1cio<\/a><\/li>\n<li>Vice-Presidente:\u00a0<a title=\"http:\/\/www.cmc.mg.gov.br\/?page_id=100\" href=\"http:\/\/www.cmc.mg.gov.br\/?page_id=100\">Rodinei<\/a><\/li>\n<li>Relator:\u00a0<a title=\"http:\/\/www.cmc.mg.gov.br\/?page_id=143\" href=\"http:\/\/www.cmc.mg.gov.br\/?page_id=143\">Decinho Camargos<\/a><\/li>\n<\/ul>\n<hr \/>\n<h3><strong>Comiss\u00e3o Externa do Consumidor<\/strong><\/h3>\n<h4>Representantes 2015-2016<\/h4>\n<h5>Titulares<\/h5>\n<ul>\n<li>Presidente:\u00a0<a href=\"http:\/\/www.cmc.mg.gov.br\/?page_id=3003\">Daniel Carvalho<\/a><\/li>\n<li>Vice-Presidente:\u00a0<a title=\"http:\/\/www.cmc.mg.gov.br\/?page_id=140\" href=\"http:\/\/www.cmc.mg.gov.br\/?page_id=140\">Fredim Carneiro<\/a><\/li>\n<li>Relator:\u00a0<a href=\"http:\/\/www.cmc.mg.gov.br\/?page_id=109\">Obelino Marques<\/a><\/li>\n<\/ul>\n<h5>Suplentes<\/h5>\n<ul>\n<li>Presidente: <a title=\"http:\/\/www.cmc.mg.gov.br\/?page_id=23\" href=\"http:\/\/www.cmc.mg.gov.br\/?page_id=23\">Jerson Braga \u2013 Caxic\u00f3<\/a><\/li>\n<li>Vice-Presidente:\u00a0<a title=\"http:\/\/www.cmc.mg.gov.br\/?page_id=106\" href=\"http:\/\/www.cmc.mg.gov.br\/?page_id=106\">Z\u00e9 Ant\u00f4nio do Hosp. Santa Helena<\/a><\/li>\n<li>Relator:\u00a0<a title=\"http:\/\/www.cmc.mg.gov.br\/?page_id=39\" href=\"http:\/\/www.cmc.mg.gov.br\/?page_id=39\">Isabella Filaretti<\/a><\/li>\n<\/ul>\n<h4>Representantes 2013-2014<\/h4>\n<h5>Titulares<\/h5>\n<ul>\n<li>Presidente:\u00a0<a title=\"http:\/\/www.cmc.mg.gov.br\/?page_id=109\" href=\"http:\/\/www.cmc.mg.gov.br\/?page_id=109\">Obelino Marques<\/a><\/li>\n<li>Vice-Presidente:\u00a0<a title=\"http:\/\/www.cmc.mg.gov.br\/?page_id=140\" href=\"http:\/\/www.cmc.mg.gov.br\/?page_id=140\">Fredim Carneiro<\/a><\/li>\n<li>Relator:\u00a0<a title=\"http:\/\/www.cmc.mg.gov.br\/?page_id=122\" href=\"http:\/\/www.cmc.mg.gov.br\/?page_id=122\">Ricardo Faria<\/a><\/li>\n<\/ul>\n<h5>Suplentes<\/h5>\n<ul>\n<li>Presidente: <a title=\"http:\/\/www.cmc.mg.gov.br\/?page_id=23\" href=\"http:\/\/www.cmc.mg.gov.br\/?page_id=23\">Jerson Braga Maia \u2013 \u201cCaxic\u00f3\u201d<\/a><\/li>\n<li>Vice-Presidente:\u00a0<a title=\"http:\/\/www.cmc.mg.gov.br\/?page_id=106\" href=\"http:\/\/www.cmc.mg.gov.br\/?page_id=106\">Z\u00e9 Ant\u00f4nio do Hosp. Santa Helena<\/a><\/li>\n<li>Relator:\u00a0<a title=\"http:\/\/www.cmc.mg.gov.br\/?page_id=39\" href=\"http:\/\/www.cmc.mg.gov.br\/?page_id=39\">Isabella Filaretti<\/a><\/li>\n<\/ul>\n<hr \/>\n<h3><strong>Comiss\u00e3o Externa de Assist\u00eancia Social<\/strong><\/h3>\n<h4>Representantes 2015-2016<\/h4>\n<h5>Titulares<\/h5>\n<ul>\n<li>Presidente:\u00a0<a href=\"http:\/\/www.cmc.mg.gov.br\/?page_id=5345\">Paulo Prado<\/a><\/li>\n<li>Vice-Presidente:\u00a0<a title=\"http:\/\/www.cmc.mg.gov.br\/?page_id=146\" href=\"http:\/\/www.cmc.mg.gov.br\/?page_id=146\">Professor Irineu In\u00e1cio<\/a><\/li>\n<li>Relator:\u00a0<a href=\"http:\/\/www.cmc.mg.gov.br\/?page_id=3003\">Daniel Carvalho<\/a><\/li>\n<\/ul>\n<h5>Suplentes<\/h5>\n<ul>\n<li>Presidente:\u00a0<a title=\"http:\/\/www.cmc.mg.gov.br\/?page_id=923\" href=\"http:\/\/www.cmc.mg.gov.br\/?page_id=923\">Jair Tropical<\/a><\/li>\n<li>Vice-Presidente:\u00a0<a title=\"http:\/\/www.cmc.mg.gov.br\/?page_id=143\" href=\"http:\/\/www.cmc.mg.gov.br\/?page_id=143\">Decinho Camargos<\/a><\/li>\n<li>Relator:\u00a0<a title=\"http:\/\/www.cmc.mg.gov.br\/?page_id=128\" href=\"http:\/\/www.cmc.mg.gov.br\/?page_id=128\">Rog\u00e9rio Marreco<\/a><\/li>\n<\/ul>\n<h4>Representantes 2013-2014<\/h4>\n<h5>Titulares<\/h5>\n<ul>\n<li>Presidente:\u00a0<a title=\"http:\/\/www.cmc.mg.gov.br\/?page_id=112\" href=\"http:\/\/www.cmc.mg.gov.br\/?page_id=112\">Silvinha Dudu<\/a><\/li>\n<li>Vice-Presidente:\u00a0<a title=\"http:\/\/www.cmc.mg.gov.br\/?page_id=146\" href=\"http:\/\/www.cmc.mg.gov.br\/?page_id=146\">Professor Irineu In\u00e1cio<\/a><\/li>\n<li>Relator:\u00a0<a title=\"http:\/\/www.cmc.mg.gov.br\/?page_id=125\" href=\"http:\/\/www.cmc.mg.gov.br\/?page_id=125\">Capit\u00e3o Fontes<\/a><\/li>\n<\/ul>\n<h5>Suplentes<\/h5>\n<ul>\n<li>Presidente:\u00a0<a title=\"http:\/\/www.cmc.mg.gov.br\/?page_id=923\" href=\"http:\/\/www.cmc.mg.gov.br\/?page_id=923\">Jair Tropical<\/a><\/li>\n<li>Vice-Presidente:\u00a0<a title=\"http:\/\/www.cmc.mg.gov.br\/?page_id=143\" href=\"http:\/\/www.cmc.mg.gov.br\/?page_id=143\">Decinho Camargos<\/a><\/li>\n<li>Relator:\u00a0<a title=\"http:\/\/www.cmc.mg.gov.br\/?page_id=128\" href=\"http:\/\/www.cmc.mg.gov.br\/?page_id=128\">Rog\u00e9rio Marreco<\/a><\/li>\n<\/ul>\n<hr \/>\n<h3><strong style=\"font-size: 0.95em; line-height: 1.6em;\">Comiss\u00e3o Externa de Direitos Humanos<\/strong><\/h3>\n<h4>Representantes 2015-2016<\/h4>\n<h5>Titulares<\/h5>\n<ul>\n<li>Presidente: <a href=\"http:\/\/www.cmc.mg.gov.br\/?page_id=103\">Z\u00e9 de Souza<\/a><\/li>\n<li>Vice-Presidente:\u00a0<a href=\"http:\/\/www.cmc.mg.gov.br\/?page_id=128\">Rog\u00e9rio Marreco<\/a><\/li>\n<li>Relator:\u00a0<a href=\"http:\/\/www.cmc.mg.gov.br\/?page_id=3639\">Ivayr Soalheiro<\/a><\/li>\n<\/ul>\n<h5>Suplentes<\/h5>\n<ul>\n<li>Presidente:\u00a0<a title=\"http:\/\/www.cmc.mg.gov.br\/?page_id=140\" href=\"http:\/\/www.cmc.mg.gov.br\/?page_id=140\">Fredim Carneiro<\/a><\/li>\n<li>Vice-Presidente:\u00a0<a title=\"http:\/\/www.cmc.mg.gov.br\/?page_id=100\" href=\"http:\/\/www.cmc.mg.gov.br\/?page_id=100\">Rodinei Ferreira<\/a><\/li>\n<li>Relator:\u00a0<a href=\"http:\/\/www.cmc.mg.gov.br\/?page_id=5345\">Paulo Prado<\/a><\/li>\n<\/ul>\n<h4>Representantes 2013-2014<\/h4>\n<h5>Titulares<\/h5>\n<ul>\n<li>Presidente:\u00a0<a title=\"http:\/\/www.cmc.mg.gov.br\/?page_id=106\" href=\"http:\/\/www.cmc.mg.gov.br\/?page_id=106\">Z\u00e9 Ant\u00f4nio do Hosp. Santa Helena<\/a><\/li>\n<li>Vice-Presidente:\u00a0<a title=\"http:\/\/www.cmc.mg.gov.br\/?page_id=125\" href=\"http:\/\/www.cmc.mg.gov.br\/?page_id=125\">Capit\u00e3o Fontes<\/a><\/li>\n<li>Relator:\u00a0<a title=\"http:\/\/www.cmc.mg.gov.br\/?page_id=128\" href=\"http:\/\/www.cmc.mg.gov.br\/?page_id=128\">Rog\u00e9rio Marreco<\/a><\/li>\n<\/ul>\n<h5>Suplentes<\/h5>\n<ul>\n<li>Presidente:\u00a0<a title=\"http:\/\/www.cmc.mg.gov.br\/?page_id=140\" href=\"http:\/\/www.cmc.mg.gov.br\/?page_id=140\">Fredim Carneiro<\/a><\/li>\n<li>Vice-Presidente:\u00a0<a title=\"http:\/\/www.cmc.mg.gov.br\/?page_id=100\" href=\"http:\/\/www.cmc.mg.gov.br\/?page_id=100\">Rodinei<\/a><\/li>\n<li>Relator:\u00a0<a title=\"http:\/\/www.cmc.mg.gov.br\/?page_id=112\" href=\"http:\/\/www.cmc.mg.gov.br\/?page_id=112\">Silvinha Dudu<\/a><\/li>\n<\/ul>\n<hr \/>\n<h3><strong>Comiss\u00e3o Externa de Assuntos Comunit\u00e1rios<\/strong><\/h3>\n<h4>Representantes 2015-2016<\/h4>\n<h5>Titulares<\/h5>\n<ul>\n<li>Presidente:\u00a0<a title=\"http:\/\/www.cmc.mg.gov.br\/?page_id=146\" href=\"http:\/\/www.cmc.mg.gov.br\/?page_id=146\">Professor Irineu In\u00e1cio<\/a><\/li>\n<li>Vice-Presidente:\u00a0<a title=\"http:\/\/www.cmc.mg.gov.br\/?page_id=923\" href=\"http:\/\/www.cmc.mg.gov.br\/?page_id=923\">Jair Tropical<\/a><\/li>\n<li>Relator:\u00a0<a href=\"http:\/\/www.cmc.mg.gov.br\/?page_id=103\">Z\u00e9 de Souza<\/a><\/li>\n<\/ul>\n<h5>Suplentes<\/h5>\n<ul>\n<li>Presidente:\u00a0<a href=\"http:\/\/www.cmc.mg.gov.br\/?page_id=5345\">Paulo Prado<\/a><\/li>\n<li>Vice-Presidente:\u00a0<a title=\"http:\/\/www.cmc.mg.gov.br\/?page_id=100\" href=\"http:\/\/www.cmc.mg.gov.br\/?page_id=100\">Rodinei Ferreira<\/a><\/li>\n<li>Relator:\u00a0<a title=\"http:\/\/www.cmc.mg.gov.br\/?page_id=143\" href=\"http:\/\/www.cmc.mg.gov.br\/?page_id=143\">Decinho Camargos<\/a><\/li>\n<\/ul>\n<h4>Representantes 2013-2014<\/h4>\n<h5>Titulares<\/h5>\n<ul>\n<li>Presidente:\u00a0<a title=\"http:\/\/www.cmc.mg.gov.br\/?page_id=146\" href=\"http:\/\/www.cmc.mg.gov.br\/?page_id=146\">Professor Irineu In\u00e1cio<\/a><\/li>\n<li>Vice-Presidente:\u00a0<a title=\"http:\/\/www.cmc.mg.gov.br\/?page_id=923\" href=\"http:\/\/www.cmc.mg.gov.br\/?page_id=923\">Jair Tropical<\/a><\/li>\n<li>Relator:\u00a0<a title=\"http:\/\/www.cmc.mg.gov.br\/?page_id=122\" href=\"http:\/\/www.cmc.mg.gov.br\/?page_id=122\">Ricardo Faria<\/a><\/li>\n<\/ul>\n<h5>Suplentes<\/h5>\n<ul>\n<li>Presidente:\u00a0<a title=\"http:\/\/www.cmc.mg.gov.br\/?page_id=112\" href=\"http:\/\/www.cmc.mg.gov.br\/?page_id=112\">Silvinha Dudu<\/a><\/li>\n<li>Vice-Presidente:\u00a0<a title=\"http:\/\/www.cmc.mg.gov.br\/?page_id=100\" href=\"http:\/\/www.cmc.mg.gov.br\/?page_id=100\">Rodinei<\/a><\/li>\n<li>Relator:\u00a0<a title=\"http:\/\/www.cmc.mg.gov.br\/?page_id=143\" href=\"http:\/\/www.cmc.mg.gov.br\/?page_id=143\">Decinho Camargos<\/a><\/li>\n<\/ul>\n<hr \/>\n<h3><strong>Comiss\u00e3o Externa de Seguran\u00e7a P\u00fablica<\/strong><\/h3>\n<h4>Representantes 2015-2016<\/h4>\n<h5>Titulares<\/h5>\n<ul>\n<li>Presidente:\u00a0<a href=\"http:\/\/www.cmc.mg.gov.br\/?page_id=140\">Fredim Carneiro<\/a><\/li>\n<li>Vice-Presidente:\u00a0<a href=\"http:\/\/www.cmc.mg.gov.br\/?page_id=143\">Decinho Camargos<\/a><\/li>\n<li>Relator:\u00a0<a title=\"http:\/\/www.cmc.mg.gov.br\/?page_id=23\" href=\"http:\/\/www.cmc.mg.gov.br\/?page_id=23\">Jerson Braga Maia \u2013 \u201cCaxic\u00f3\u201d<\/a><\/li>\n<\/ul>\n<h5>Suplentes<\/h5>\n<ul>\n<li>Presidente: <a href=\"http:\/\/www.cmc.mg.gov.br\/?page_id=109\">Obelino Marques<\/a><\/li>\n<li>Vice-Presidente:\u00a0<a title=\"http:\/\/www.cmc.mg.gov.br\/?page_id=146\" href=\"http:\/\/www.cmc.mg.gov.br\/?page_id=146\">Professor Irineu In\u00e1cio<\/a><\/li>\n<li>Relator:\u00a0<a title=\"http:\/\/www.cmc.mg.gov.br\/?page_id=923\" href=\"http:\/\/www.cmc.mg.gov.br\/?page_id=923\">Jair Tropical<\/a><\/li>\n<\/ul>\n<h4>Representantes 2013-2014<\/h4>\n<h5>Titulares<\/h5>\n<ul>\n<li>Presidente:\u00a0<a title=\"http:\/\/www.cmc.mg.gov.br\/?page_id=125\" href=\"http:\/\/www.cmc.mg.gov.br\/?page_id=125\">Capit\u00e3o Fontes<\/a><\/li>\n<li>Vice-Presidente:\u00a0<a title=\"http:\/\/www.cmc.mg.gov.br\/?page_id=140\" href=\"http:\/\/www.cmc.mg.gov.br\/?page_id=140\">Fredim Carneiro<\/a><\/li>\n<li>Relator:\u00a0<a title=\"http:\/\/www.cmc.mg.gov.br\/?page_id=23\" href=\"http:\/\/www.cmc.mg.gov.br\/?page_id=23\">Jerson Braga Maia \u2013 \u201cCaxic\u00f3\u201d<\/a><\/li>\n<\/ul>\n<h5>Suplentes<\/h5>\n<ul>\n<li>Presidente:\u00a0<a title=\"http:\/\/www.cmc.mg.gov.br\/?page_id=143\" href=\"http:\/\/www.cmc.mg.gov.br\/?page_id=143\">Decinho Camargos<\/a><\/li>\n<li>Vice-Presidente:\u00a0<a title=\"http:\/\/www.cmc.mg.gov.br\/?page_id=146\" href=\"http:\/\/www.cmc.mg.gov.br\/?page_id=146\">Professor Irineu In\u00e1cio<\/a><\/li>\n<li>Relator:\u00a0<a title=\"http:\/\/www.cmc.mg.gov.br\/?page_id=923\" href=\"http:\/\/www.cmc.mg.gov.br\/?page_id=923\">Jair Tropical<\/a><\/li>\n<\/ul>\n<hr \/>\n<h3><strong>Comiss\u00e3o Externa de Combate \u00e0 Viol\u00eancia Dom\u00e9stica Contra a Mulher<\/strong><\/h3>\n<h4>Representantes 2015-2016<\/h4>\n<h5>Titulares<\/h5>\n<ul>\n<li>Presidente:\u00a0<a href=\"http:\/\/www.cmc.mg.gov.br\/?page_id=5345\">Paulo Prado<\/a><\/li>\n<li>Vice-Presidente:\u00a0<a title=\"http:\/\/www.cmc.mg.gov.br\/?page_id=39\" href=\"http:\/\/www.cmc.mg.gov.br\/?page_id=39\">Isabella Filaretti<\/a><\/li>\n<li>Relator:\u00a0<a title=\"http:\/\/www.cmc.mg.gov.br\/?page_id=146\" href=\"http:\/\/www.cmc.mg.gov.br\/?page_id=146\">Professor Irineu In\u00e1cio<\/a><\/li>\n<\/ul>\n<h5>Suplentes<\/h5>\n<ul>\n<li>Presidente:\u00a0<a href=\"http:\/\/www.cmc.mg.gov.br\/?page_id=100\">Rodinei Ferreira<\/a><\/li>\n<li>Vice-Presidente:\u00a0<a title=\"http:\/\/www.cmc.mg.gov.br\/?page_id=106\" href=\"http:\/\/www.cmc.mg.gov.br\/?page_id=106\">Z\u00e9 Ant\u00f4nio do Hosp. Santa Helena<\/a><\/li>\n<li>Relator:\u00a0<a href=\"http:\/\/www.cmc.mg.gov.br\/?page_id=3639\">Ivayr Soalheiro<\/a><\/li>\n<\/ul>\n<h4>Representantes 2013-2014<\/h4>\n<h5>Titulares<\/h5>\n<ul>\n<li>Presidente:\u00a0<a title=\"http:\/\/www.cmc.mg.gov.br\/?page_id=112\" href=\"http:\/\/www.cmc.mg.gov.br\/?page_id=112\">Silvinha Dudu<\/a><\/li>\n<li>Vice-Presidente:\u00a0<a title=\"http:\/\/www.cmc.mg.gov.br\/?page_id=39\" href=\"http:\/\/www.cmc.mg.gov.br\/?page_id=39\">Isabella Filaretti<\/a><\/li>\n<li>Relator:\u00a0<a title=\"http:\/\/www.cmc.mg.gov.br\/?page_id=146\" href=\"http:\/\/www.cmc.mg.gov.br\/?page_id=146\">Professor Irineu In\u00e1cio<\/a><\/li>\n<\/ul>\n<h5>Suplentes<\/h5>\n<ul>\n<li>Presidente:\u00a0<a title=\"http:\/\/www.cmc.mg.gov.br\/?page_id=134\" href=\"http:\/\/www.cmc.mg.gov.br\/?page_id=134\">Alex Chiodi<\/a><\/li>\n<li>Vice-Presidente:\u00a0<a title=\"http:\/\/www.cmc.mg.gov.br\/?page_id=106\" href=\"http:\/\/www.cmc.mg.gov.br\/?page_id=106\">Z\u00e9 Ant\u00f4nio do Hosp. Santa Helena<\/a><\/li>\n<li>Relator:\u00a0<a title=\"http:\/\/www.cmc.mg.gov.br\/?page_id=125\" href=\"http:\/\/www.cmc.mg.gov.br\/?page_id=125\">Capit\u00e3o Fontes<\/a><\/li>\n<\/ul>\n<hr \/>\n<h3><strong>Comiss\u00e3o Externa do Idoso<\/strong><\/h3>\n<h4>Representantes 2015-2016<\/h4>\n<h5>Titulares<\/h5>\n<ul>\n<li>Presidente:\u00a0<a title=\"http:\/\/www.cmc.mg.gov.br\/?page_id=23\" href=\"http:\/\/www.cmc.mg.gov.br\/?page_id=23\">Jerson Braga Maia \u2013 \u201cCaxic\u00f3\u201d<\/a><\/li>\n<li>Vice-Presidente:\u00a0<a title=\"http:\/\/www.cmc.mg.gov.br\/?page_id=146\" href=\"http:\/\/www.cmc.mg.gov.br\/?page_id=146\">Professor Irineu In\u00e1cio<\/a><\/li>\n<li>Relator:\u00a0<a title=\"http:\/\/www.cmc.mg.gov.br\/?page_id=143\" href=\"http:\/\/www.cmc.mg.gov.br\/?page_id=143\">Decinho Camargos<\/a><\/li>\n<\/ul>\n<h5>Suplentes<\/h5>\n<ul>\n<li>Presidente:\u00a0<a title=\"http:\/\/www.cmc.mg.gov.br\/?page_id=109\" href=\"http:\/\/www.cmc.mg.gov.br\/?page_id=109\">Obelino Marques<\/a><\/li>\n<li>Vice-Presidente:\u00a0<a title=\"http:\/\/www.cmc.mg.gov.br\/?page_id=106\" href=\"http:\/\/www.cmc.mg.gov.br\/?page_id=106\">Z\u00e9 Ant\u00f4nio do Hosp. Santa Helena<\/a><\/li>\n<li>Relator:\u00a0<a href=\"http:\/\/www.cmc.mg.gov.br\/?page_id=94\">Eduardo Sendon<\/a><\/li>\n<\/ul>\n<h4>Representantes 2013-2014<\/h4>\n<h5>Titulares<\/h5>\n<ul>\n<li>Presidente:\u00a0<a title=\"http:\/\/www.cmc.mg.gov.br\/?page_id=23\" href=\"http:\/\/www.cmc.mg.gov.br\/?page_id=23\">Jerson Braga Maia \u2013 \u201cCaxic\u00f3\u201d<\/a><\/li>\n<li>Vice-Presidente:\u00a0<a title=\"http:\/\/www.cmc.mg.gov.br\/?page_id=146\" href=\"http:\/\/www.cmc.mg.gov.br\/?page_id=146\">Professor Irineu In\u00e1cio<\/a><\/li>\n<li>Relator:\u00a0<a title=\"http:\/\/www.cmc.mg.gov.br\/?page_id=143\" href=\"http:\/\/www.cmc.mg.gov.br\/?page_id=143\">Decinho Camargos<\/a><\/li>\n<\/ul>\n<h5>Suplentes<\/h5>\n<ul>\n<li>Presidente:\u00a0<a title=\"http:\/\/www.cmc.mg.gov.br\/?page_id=109\" href=\"http:\/\/www.cmc.mg.gov.br\/?page_id=109\">Obelino Marques<\/a><\/li>\n<li>Vice-Presidente:\u00a0<a title=\"http:\/\/www.cmc.mg.gov.br\/?page_id=106\" href=\"http:\/\/www.cmc.mg.gov.br\/?page_id=106\">Z\u00e9 Ant\u00f4nio do Hosp. Santa Helena<\/a><\/li>\n<li>Relator:\u00a0<a title=\"http:\/\/www.cmc.mg.gov.br\/?page_id=122\" href=\"http:\/\/www.cmc.mg.gov.br\/?page_id=122\">Ricardo Faria<\/a><\/li>\n<\/ul>\n<hr \/>\n<h3><strong>Comiss\u00e3o Externa de Acessibilidade<\/strong><\/h3>\n<h4>Representantes 2015-2016<\/h4>\n<h5>Titulares<\/h5>\n<ul>\n<li>Presidente:\u00a0<a href=\"http:\/\/www.cmc.mg.gov.br\/?page_id=106\">Z\u00e9 Ant\u00f4nio do Hosp. Santa Helena<\/a><\/li>\n<li>Vice-Presidente: <a href=\"http:\/\/www.cmc.mg.gov.br\/?page_id=94\">Eduardo Sendon<\/a><\/li>\n<li>Relator:\u00a0<a href=\"http:\/\/www.cmc.mg.gov.br\/?page_id=118\">Beto Diniz<\/a><\/li>\n<\/ul>\n<h5>Suplentes<\/h5>\n<ul>\n<li>Presidente:\u00a0<a title=\"http:\/\/www.cmc.mg.gov.br\/?page_id=128\" href=\"http:\/\/www.cmc.mg.gov.br\/?page_id=128\">Rog\u00e9rio Marreco<\/a><\/li>\n<li>Vice-Presidente:\u00a0<a title=\"http:\/\/www.cmc.mg.gov.br\/?page_id=23\" href=\"http:\/\/www.cmc.mg.gov.br\/?page_id=23\">Jerson Braga Maia \u2013 \u201cCaxic\u00f3\u201d<\/a><\/li>\n<li>Relator:\u00a0<a title=\"http:\/\/www.cmc.mg.gov.br\/?page_id=923\" href=\"http:\/\/www.cmc.mg.gov.br\/?page_id=923\">Jair Tropical<\/a><\/li>\n<\/ul>\n<h4>Representantes 2013-2014<\/h4>\n<h5>Titulares<\/h5>\n<ul>\n<li>Presidente: <a title=\"http:\/\/www.cmc.mg.gov.br\/?page_id=90\" href=\"http:\/\/www.cmc.mg.gov.br\/?page_id=90\">Arnaldo De Oliveira<\/a><\/li>\n<li>Vice-Presidente: <a title=\"http:\/\/www.cmc.mg.gov.br\/?page_id=118\" href=\"http:\/\/www.cmc.mg.gov.br\/?page_id=118\">Beto Diniz<\/a><\/li>\n<li>Relator:\u00a0<a title=\"http:\/\/www.cmc.mg.gov.br\/?page_id=122\" href=\"http:\/\/www.cmc.mg.gov.br\/?page_id=122\">Ricardo Faria<\/a><\/li>\n<\/ul>\n<h5>Suplentes<\/h5>\n<ul>\n<li>Presidente:\u00a0<a title=\"http:\/\/www.cmc.mg.gov.br\/?page_id=128\" href=\"http:\/\/www.cmc.mg.gov.br\/?page_id=128\">Rog\u00e9rio Marreco<\/a><\/li>\n<li>Vice-Presidente:\u00a0<a title=\"http:\/\/www.cmc.mg.gov.br\/?page_id=23\" href=\"http:\/\/www.cmc.mg.gov.br\/?page_id=23\">Jerson Braga Maia \u2013 \u201cCaxic\u00f3\u201d<\/a><\/li>\n<li>Relator:\u00a0<a title=\"http:\/\/www.cmc.mg.gov.br\/?page_id=923\" href=\"http:\/\/www.cmc.mg.gov.br\/?page_id=923\">Jair Tropical<\/a><\/li>\n<\/ul>\n<hr \/>\n<h3><strong>Comiss\u00e3o Externa de Cultura<\/strong><\/h3>\n<h4>Representantes 2015-2016<\/h4>\n<h5>Titulares<\/h5>\n<ul>\n<li>Presidente:\u00a0<a title=\"http:\/\/www.cmc.mg.gov.br\/?page_id=94\" href=\"http:\/\/www.cmc.mg.gov.br\/?page_id=94\">Eduardo Sendon<\/a><br \/>\nVice-Presidente: <a href=\"http:\/\/www.cmc.mg.gov.br\/?page_id=3003\">Daniel Carvalho<\/a><\/li>\n<li>Relator:\u00a0<a href=\"http:\/\/www.cmc.mg.gov.br\/?page_id=131\">L\u00e9o Motta<\/a><\/li>\n<\/ul>\n<h5>Suplentes<\/h5>\n<ul>\n<li>Presidente:\u00a0<a title=\"http:\/\/www.cmc.mg.gov.br\/?page_id=39\" href=\"http:\/\/www.cmc.mg.gov.br\/?page_id=39\">Isabella Filaretti<\/a><\/li>\n<li>Vice-Presidente:\u00a0<a title=\"http:\/\/www.cmc.mg.gov.br\/?page_id=140\" href=\"http:\/\/www.cmc.mg.gov.br\/?page_id=140\">Fredim Carneiro<\/a><\/li>\n<li>Relator:\u00a0<a title=\"http:\/\/www.cmc.mg.gov.br\/?page_id=109\" href=\"http:\/\/www.cmc.mg.gov.br\/?page_id=109\">Obelino Marques<\/a><\/li>\n<\/ul>\n<h4>Representantes 2013-2014<\/h4>\n<h5>Titulares<\/h5>\n<ul>\n<li>Presidente:\u00a0<a title=\"http:\/\/www.cmc.mg.gov.br\/?page_id=94\" href=\"http:\/\/www.cmc.mg.gov.br\/?page_id=94\">Eduardo Sendon<\/a><br \/>\nVice-Presidente: <a title=\"http:\/\/www.cmc.mg.gov.br\/?page_id=131\" href=\"http:\/\/www.cmc.mg.gov.br\/?page_id=131\">L\u00e9o Motta<\/a><\/li>\n<li>Relator:\u00a0<a title=\"http:\/\/www.cmc.mg.gov.br\/?page_id=122\" href=\"http:\/\/www.cmc.mg.gov.br\/?page_id=122\">Ricardo Faria<\/a><\/li>\n<\/ul>\n<h5>Suplentes<\/h5>\n<ul>\n<li>Presidente:\u00a0<a title=\"http:\/\/www.cmc.mg.gov.br\/?page_id=39\" href=\"http:\/\/www.cmc.mg.gov.br\/?page_id=39\">Isabella Filaretti<\/a><\/li>\n<li>Vice-Presidente:\u00a0<a title=\"http:\/\/www.cmc.mg.gov.br\/?page_id=140\" href=\"http:\/\/www.cmc.mg.gov.br\/?page_id=140\">Fredim Carneiro<\/a><\/li>\n<li>Relator:\u00a0<a title=\"http:\/\/www.cmc.mg.gov.br\/?page_id=109\" href=\"http:\/\/www.cmc.mg.gov.br\/?page_id=109\">Obelino Marques<\/a><\/li>\n<\/ul>\n<hr \/>\n<h3><strong>Comiss\u00e3o Externa de Participa\u00e7\u00e3o Popular<\/strong><\/h3>\n<h4>Representantes 2015-2016<\/h4>\n<h5>Titulares<\/h5>\n<ul>\n<li>Presidente:\u00a0<a title=\"http:\/\/www.cmc.mg.gov.br\/?page_id=109\" href=\"http:\/\/www.cmc.mg.gov.br\/?page_id=109\">Obelino Marques<\/a><\/li>\n<li>Vice-Presidente:\u00a0<a href=\"http:\/\/www.cmc.mg.gov.br\/?page_id=94\">Eduardo Sendon<\/a><\/li>\n<li>Relator: <a title=\"http:\/\/www.cmc.mg.gov.br\/?page_id=118\" href=\"http:\/\/www.cmc.mg.gov.br\/?page_id=118\">Beto Diniz<\/a><\/li>\n<\/ul>\n<h5>Suplentes<\/h5>\n<ul>\n<li>Presidente:\u00a0<a href=\"http:\/\/www.cmc.mg.gov.br\/?page_id=137\">William Barreiro<\/a><\/li>\n<li>Vice-Presidente:\u00a0<a title=\"http:\/\/www.cmc.mg.gov.br\/?page_id=923\" href=\"http:\/\/www.cmc.mg.gov.br\/?page_id=923\">Jair Tropical<\/a><\/li>\n<li>Relator:\u00a0<a title=\"http:\/\/www.cmc.mg.gov.br\/?page_id=131\" href=\"http:\/\/www.cmc.mg.gov.br\/?page_id=131\">L\u00e9o Motta<\/a><\/li>\n<\/ul>\n<h4>Representantes 2013-2014<\/h4>\n<h5>Titulares<\/h5>\n<ul>\n<li>Presidente:\u00a0<a title=\"http:\/\/www.cmc.mg.gov.br\/?page_id=109\" href=\"http:\/\/www.cmc.mg.gov.br\/?page_id=109\">Obelino Marques<\/a><\/li>\n<li>Vice-Presidente:\u00a0<a title=\"http:\/\/www.cmc.mg.gov.br\/?page_id=90\" href=\"http:\/\/www.cmc.mg.gov.br\/?page_id=90\">Arnaldo De Oliveira<\/a><\/li>\n<li>Relator: <a title=\"http:\/\/www.cmc.mg.gov.br\/?page_id=118\" href=\"http:\/\/www.cmc.mg.gov.br\/?page_id=118\">Beto Diniz<\/a><\/li>\n<\/ul>\n<h5>Suplentes<\/h5>\n<ul>\n<li>Presidente: <a title=\"http:\/\/www.cmc.mg.gov.br\/?page_id=94\" href=\"http:\/\/www.cmc.mg.gov.br\/?page_id=94\">Eduardo Sendon<\/a><\/li>\n<li>Vice-Presidente:\u00a0<a title=\"http:\/\/www.cmc.mg.gov.br\/?page_id=923\" href=\"http:\/\/www.cmc.mg.gov.br\/?page_id=923\">Jair Tropical<\/a><\/li>\n<li>Relator:\u00a0<a title=\"http:\/\/www.cmc.mg.gov.br\/?page_id=131\" href=\"http:\/\/www.cmc.mg.gov.br\/?page_id=131\">L\u00e9o Motta<\/a><\/li>\n<\/ul>\n","protected":false},"excerpt":{"rendered":"<p>Comiss\u00f5es Externas Art. 99C &#8211; \u00c0s Comiss\u00f5es Externas competem a fiscaliza\u00e7\u00e3o, a vigil\u00e2ncia e o controle sobre atividades definidas da administra\u00e7\u00e3o municipal, mais especificamente as pol\u00edticas e sistemas desenvolvidos nas \u00e1reas de sa\u00fade, educa\u00e7\u00e3o, cultura, assist\u00eancia social, da crian\u00e7a e do adolescente, idoso, transporte, infraestrutura urbana, acessibilidade, consumidor, direitos humanos, combate \u00e0 viol\u00eancia dom\u00e9stica contra &hellip; <a href=\"https:\/\/www.cmc.mg.gov.br\/?page_id=303\" class=\"more-link\">Continue lendo <span class=\"screen-reader-text\">Externas<\/span> <span class=\"meta-nav\">&rarr;<\/span><\/a><\/p>\n","protected":false},"author":3,"featured_media":0,"parent":0,"menu_order":0,"comment_status":"closed","ping_status":"closed","template":"","meta":{"_exactmetrics_skip_tracking":false,"_exactmetrics_sitenote_active":false,"_exactmetrics_sitenote_note":"","_exactmetrics_sitenote_category":0,"footnotes":""},"class_list":["post-303","page","type-page","status-publish","hentry"],"_links":{"self":[{"href":"https:\/\/www.cmc.mg.gov.br\/index.php?rest_route=\/wp\/v2\/pages\/303","targetHints":{"allow":["GET"]}}],"collection":[{"href":"https:\/\/www.cmc.mg.gov.br\/index.php?rest_route=\/wp\/v2\/pages"}],"about":[{"href":"https:\/\/www.cmc.mg.gov.br\/index.php?rest_route=\/wp\/v2\/types\/page"}],"author":[{"embeddable":true,"href":"https:\/\/www.cmc.mg.gov.br\/index.php?rest_route=\/wp\/v2\/users\/3"}],"replies":[{"embeddable":true,"href":"https:\/\/www.cmc.mg.gov.br\/index.php?rest_route=%2Fwp%2Fv2%2Fcomments&post=303"}],"version-history":[{"count":24,"href":"https:\/\/www.cmc.mg.gov.br\/index.php?rest_route=\/wp\/v2\/pages\/303\/revisions"}],"predecessor-version":[{"id":5865,"href":"https:\/\/www.cmc.mg.gov.br\/index.php?rest_route=\/wp\/v2\/pages\/303\/revisions\/5865"}],"wp:attachment":[{"href":"https:\/\/www.cmc.mg.gov.br\/index.php?rest_route=%2Fwp%2Fv2%2Fmedia&parent=303"}],"curies":[{"name":"wp","href":"https:\/\/api.w.org\/{rel}","templated":true}]}}